{"id":703,"date":"2022-10-06T09:46:37","date_gmt":"2022-10-06T09:46:37","guid":{"rendered":"https:\/\/www.serena.tv\/privacy-policy\/"},"modified":"2023-05-03T20:36:56","modified_gmt":"2023-05-03T20:36:56","slug":"privacy-policy","status":"publish","type":"page","link":"https:\/\/www.serena.tv\/es\/privacy-policy\/","title":{"rendered":"Pol\u00edtica de Privacidad"},"content":{"rendered":"[vc_row type=\u00bbin_container\u00bb full_screen_row_position=\u00bbmiddle\u00bb column_margin=\u00bbdefault\u00bb column_direction=\u00bbdefault\u00bb column_direction_tablet=\u00bbdefault\u00bb column_direction_phone=\u00bbdefault\u00bb scene_position=\u00bbcenter\u00bb top_padding=\u00bb40&#8243; text_color=\u00bbdark\u00bb text_align=\u00bbleft\u00bb row_border_radius=\u00bbnone\u00bb row_border_radius_applies=\u00bbbg\u00bb overflow=\u00bbvisible\u00bb overlay_strength=\u00bb0.3&#8243; gradient_direction=\u00bbleft_to_right\u00bb shape_divider_position=\u00bbbottom\u00bb bg_image_animation=\u00bbnone\u00bb gradient_type=\u00bbdefault\u00bb shape_type=\u00bb\u00bb][vc_column column_padding=\u00bbno-extra-padding\u00bb column_padding_tablet=\u00bbinherit\u00bb column_padding_phone=\u00bbinherit\u00bb column_padding_position=\u00bball\u00bb column_element_direction_desktop=\u00bbdefault\u00bb column_element_spacing=\u00bbdefault\u00bb desktop_text_alignment=\u00bbdefault\u00bb tablet_text_alignment=\u00bbdefault\u00bb phone_text_alignment=\u00bbdefault\u00bb background_color_opacity=\u00bb1&#8243; background_hover_color_opacity=\u00bb1&#8243; column_backdrop_filter=\u00bbnone\u00bb column_shadow=\u00bbnone\u00bb column_border_radius=\u00bbnone\u00bb column_link_target=\u00bb_self\u00bb column_position=\u00bbdefault\u00bb gradient_direction=\u00bbleft_to_right\u00bb overlay_strength=\u00bb0.3&#8243; width=\u00bb1\/1&#8243; tablet_width_inherit=\u00bbdefault\u00bb animation_type=\u00bbdefault\u00bb bg_image_animation=\u00bbnone\u00bb border_type=\u00bbsimple\u00bb column_border_width=\u00bbnone\u00bb column_border_style=\u00bbsolid\u00bb][vc_column_text]\n<h2>Quienes Somos.<\/h2>\n<p>Serena Essel Media Hub S.L. Estudio de Producci\u00f3n y Postproducci\u00f3n audiovisual..<br \/>\nCuando usted nos facilita informaci\u00f3n de car\u00e1cter personal a trav\u00e9s del sitio web https:\/\/www.serena.tv (en adelante, el \u201cSitio Web\u201d), se respeta su intimidad y los derechos que le reconoce la normativa sobre protecci\u00f3n de datos de car\u00e1cter personal. Por ello, es importante que entienda que informaci\u00f3n recabamos acerca de usted durante su visita y qu\u00e9 hacemos con dicha informaci\u00f3n. Su visita al Sitio Web est\u00e1 sujeta a la presente Pol\u00edtica sobre Tratamiento de Datos Personales. Nunca comunicaremos a terceros su informaci\u00f3n de car\u00e1cter personal, salvo en la forma establecida en esta Pol\u00edtica sobre Privacidad y Tratamiento de Datos o en los avisos establecidos para cada supuesto en que se recojan sus datos personales. El responsable del sitio solamente podr\u00e1 revelar cualquier informaci\u00f3n, incluyendo datos de car\u00e1cter personal, que considere necesaria para dar cumplimiento a las obligaciones legales.<\/p>\n<h2>1. Recogida y Uso de la Informaci\u00f3n<\/h2>\n<p>Al facilitarnos sus datos de car\u00e1cter personal en el Sitio Web, est\u00e1 expresando su aceptaci\u00f3n al tratamiento y comunicaci\u00f3n de sus datos personales en la forma contemplada en esta Pol\u00edtica sobre Tratamiento de Datos Personales. Si prefiere que el responsable del sitio no recabe informaci\u00f3n personal acerca de usted, rogamos que no nos la facilite.<\/p>\n<p>El responsable del sitio podr\u00e1 usar la informaci\u00f3n de car\u00e1cter personal que nos facilite de forma disociada (sin identificaci\u00f3n personal) para fines internos, como puede ser la elaboraci\u00f3n de estad\u00edsticas. As\u00ed el responsable del sitio podr\u00e1 recabar, almacenar o acumular determinada informaci\u00f3n de car\u00e1cter no personal referente a su uso del Sitio Web, como por ejemplo aquella informaci\u00f3n que indique cu\u00e1les de nuestras p\u00e1ginas son m\u00e1s populares.<\/p>\n<p>El buz\u00f3n de contacto de la web tiene car\u00e1cter meramente informativo, sin que, en ning\u00fan caso, pueda derivarse de la contestaci\u00f3n efecto jur\u00eddico vinculante alguno.<\/p>\n<h2>2. Cookies y Archivos de Registro<\/h2>\n<p>El responsable del sitio podr\u00e1 colocar una \u201ccookie\u201d en el disco duro de su ordenador a fin de reconocerlo como usuario recurrente y personalizar su uso del Sitio Web. La cookie se guardar\u00e1 en el disco duro de su ordenador hasta que usted la elimine. Podr\u00e1 hacer que su navegador le avise de la presencia de cookies o que los rechace autom\u00e1ticamente. Si rechaza las cookies podr\u00e1 seguir usando el Sitio Web, si bien ello podr\u00e1 suponer la limitaci\u00f3n en el uso de algunas de las prestaciones o impedir el buen funcionamiento del Sitio Web.<\/p>\n<h2>3. Terceros<\/h2>\n<p>El responsable del sitio podr\u00e1 contratar a terceros para que desempe\u00f1en funciones en su nombre en relaci\u00f3n con los fines para los que se puedan recoger sus datos personales, como por ejemplo, analizar la informaci\u00f3n proporcionada, alojar sitios web o prestar servicios integrados de log\u00edstica. Dichos terceros podr\u00e1n tener acceso a la informaci\u00f3n de car\u00e1cter personal necesaria para el desempe\u00f1o de sus funciones, si bien no podr\u00e1n utilizar dicha informaci\u00f3n para ning\u00fan otro fin y regularemos nuestras relaciones con tales terceros en la manera exigida por la normativa aplicable sobreprotecci\u00f3n de datos de car\u00e1cter personal.<\/p>\n<h2>4. Enlaces<\/h2>\n<p>El Sitio Web podr\u00e1 contener enlaces a o desde otros sitios web. Debe saber que el responsable del sitio no se responsabiliza de las pr\u00e1cticas que, en materia de tratamiento de datos personales, siguen otros sitios web. La presente Pol\u00edtica sobre Tratamiento de Datos Personales es de aplicaci\u00f3n solamente a la informaci\u00f3n que recabamos en el Sitio Web. Le aconsejamos leer las pol\u00edticas sobre tratamiento de datos personales de otros sitios web con los que enlace a o desde nuestro Sitio Web o que visite de otra forma.<\/p>\n<h2>5. Seguridad<\/h2>\n<p>El responsable del sitio ha implantado diversas medidas para proteger la seguridad de su informaci\u00f3n personal, tanto \u201con line\u201d como \u201coff line\u201d.<\/p>\n<h2>6. Protecci\u00f3n de datos personales<\/h2>\n<p>A los efectos de lo establecido en el Reglamento Europeo 2016\/ 679 de Protecci\u00f3n de Datos Personales (RGPD), ESSEL MEDIA HUB S.L. (B87945382) garantiza la confidencialidad de los datos personales de que dispone. Le comunicamos que los datos facilitados forman parte de una base de datos gestionada por ESSEL MEDIA HUB S.L. (B87945382) para la gesti\u00f3n de los servicios contratados y la eventual comunicaci\u00f3n de campa\u00f1as promocionales. Los datos ser\u00e1n mantenidos durante la relaci\u00f3n contractual y no ser\u00e1n cedidos a otras entidades sin su permiso expreso. Si desea ejercitar sus derechos de acceso, rectificaci\u00f3n, cancelaci\u00f3n, oposici\u00f3n y portabilidad de los datos de car\u00e1cter personal, puede hacerlo a trav\u00e9s de la direcci\u00f3n info@serena.tv en los t\u00e9rminos establecidos en el RGPD. Puede ampliar informaci\u00f3n sobre sus derechos en cuanto a la confidencialidad de los datos personales a trav\u00e9s de la Agencia Espa\u00f1ola de Protecci\u00f3n de Datos.[\/vc_column_text][\/vc_column][\/vc_row]\n","protected":false},"excerpt":{"rendered":"<p>[vc_row type=\u00bbin_container\u00bb full_screen_row_position=\u00bbmiddle\u00bb column_margin=\u00bbdefault\u00bb column_direction=\u00bbdefault\u00bb column_direction_tablet=\u00bbdefault\u00bb column_direction_phone=\u00bbdefault\u00bb scene_position=\u00bbcenter\u00bb top_padding=\u00bb40&#8243; text_color=\u00bbdark\u00bb text_align=\u00bbleft\u00bb row_border_radius=\u00bbnone\u00bb row_border_radius_applies=\u00bbbg\u00bb overflow=\u00bbvisible\u00bb overlay_strength=\u00bb0.3&#8243; gradient_direction=\u00bbleft_to_right\u00bb shape_divider_position=\u00bbbottom\u00bb bg_image_animation=\u00bbnone\u00bb gradient_type=\u00bbdefault\u00bb shape_type=\u00bb\u00bb][vc_column column_padding=\u00bbno-extra-padding\u00bb column_padding_tablet=\u00bbinherit\u00bb column_padding_phone=\u00bbinherit\u00bb column_padding_position=\u00bball\u00bb column_element_direction_desktop=\u00bbdefault\u00bb column_element_spacing=\u00bbdefault\u00bb desktop_text_alignment=\u00bbdefault\u00bb tablet_text_alignment=\u00bbdefault\u00bb phone_text_alignment=\u00bbdefault\u00bb background_color_opacity=\u00bb1&#8243;&#8230;<\/p>\n","protected":false},"author":7,"featured_media":0,"parent":0,"menu_order":0,"comment_status":"closed","ping_status":"open","template":"","meta":{"footnotes":""},"yoast_head":"<!-- This site is optimized with the Yoast SEO plugin v22.5 - https:\/\/yoast.com\/wordpress\/plugins\/seo\/ -->\n<title>Pol\u00edtica de Privacidad - Serena TV<\/title>\n<meta name=\"robots\" content=\"index, follow, max-snippet:-1, max-image-preview:large, max-video-preview:-1\" \/>\n<link rel=\"canonical\" href=\"https:\/\/www.serena.tv\/es\/privacy-policy\/\" \/>\n<meta property=\"og:locale\" content=\"es_ES\" \/>\n<meta property=\"og:type\" content=\"article\" \/>\n<meta property=\"og:title\" content=\"Pol\u00edtica de Privacidad - Serena TV\" \/>\n<meta property=\"og:description\" content=\"[vc_row type=\u00bbin_container\u00bb full_screen_row_position=\u00bbmiddle\u00bb column_margin=\u00bbdefault\u00bb column_direction=\u00bbdefault\u00bb column_direction_tablet=\u00bbdefault\u00bb column_direction_phone=\u00bbdefault\u00bb scene_position=\u00bbcenter\u00bb top_padding=\u00bb40&#8243; text_color=\u00bbdark\u00bb text_align=\u00bbleft\u00bb row_border_radius=\u00bbnone\u00bb row_border_radius_applies=\u00bbbg\u00bb overflow=\u00bbvisible\u00bb overlay_strength=\u00bb0.3&#8243; gradient_direction=\u00bbleft_to_right\u00bb shape_divider_position=\u00bbbottom\u00bb bg_image_animation=\u00bbnone\u00bb gradient_type=\u00bbdefault\u00bb shape_type=\u00bb\u00bb][vc_column column_padding=\u00bbno-extra-padding\u00bb column_padding_tablet=\u00bbinherit\u00bb column_padding_phone=\u00bbinherit\u00bb column_padding_position=\u00bball\u00bb column_element_direction_desktop=\u00bbdefault\u00bb column_element_spacing=\u00bbdefault\u00bb desktop_text_alignment=\u00bbdefault\u00bb tablet_text_alignment=\u00bbdefault\u00bb phone_text_alignment=\u00bbdefault\u00bb background_color_opacity=\u00bb1&#8243;...\" \/>\n<meta property=\"og:url\" content=\"https:\/\/www.serena.tv\/es\/privacy-policy\/\" \/>\n<meta property=\"og:site_name\" content=\"Serena TV\" \/>\n<meta property=\"article:modified_time\" content=\"2023-05-03T20:36:56+00:00\" \/>\n<meta name=\"twitter:card\" content=\"summary_large_image\" \/>\n<meta name=\"twitter:label1\" content=\"Tiempo de lectura\" \/>\n\t<meta name=\"twitter:data1\" content=\"4 minutos\" \/>\n<script type=\"application\/ld+json\" class=\"yoast-schema-graph\">{\"@context\":\"https:\/\/schema.org\",\"@graph\":[{\"@type\":\"WebPage\",\"@id\":\"https:\/\/www.serena.tv\/es\/privacy-policy\/\",\"url\":\"https:\/\/www.serena.tv\/es\/privacy-policy\/\",\"name\":\"Pol\u00edtica de Privacidad - Serena TV\",\"isPartOf\":{\"@id\":\"https:\/\/www.serena.tv\/es\/#website\"},\"datePublished\":\"2022-10-06T09:46:37+00:00\",\"dateModified\":\"2023-05-03T20:36:56+00:00\",\"breadcrumb\":{\"@id\":\"https:\/\/www.serena.tv\/es\/privacy-policy\/#breadcrumb\"},\"inLanguage\":\"es\",\"potentialAction\":[{\"@type\":\"ReadAction\",\"target\":[\"https:\/\/www.serena.tv\/es\/privacy-policy\/\"]}]},{\"@type\":\"BreadcrumbList\",\"@id\":\"https:\/\/www.serena.tv\/es\/privacy-policy\/#breadcrumb\",\"itemListElement\":[{\"@type\":\"ListItem\",\"position\":1,\"name\":\"Portada\",\"item\":\"https:\/\/www.serena.tv\/es\/\"},{\"@type\":\"ListItem\",\"position\":2,\"name\":\"Pol\u00edtica de Privacidad\"}]},{\"@type\":\"WebSite\",\"@id\":\"https:\/\/www.serena.tv\/es\/#website\",\"url\":\"https:\/\/www.serena.tv\/es\/\",\"name\":\"Serena TV\",\"description\":\"Post-production in Madrid\",\"potentialAction\":[{\"@type\":\"SearchAction\",\"target\":{\"@type\":\"EntryPoint\",\"urlTemplate\":\"https:\/\/www.serena.tv\/es\/?s={search_term_string}\"},\"query-input\":\"required name=search_term_string\"}],\"inLanguage\":\"es\"}]}<\/script>\n<!-- \/ Yoast SEO plugin. -->","yoast_head_json":{"title":"Pol\u00edtica de Privacidad - Serena TV","robots":{"index":"index","follow":"follow","max-snippet":"max-snippet:-1","max-image-preview":"max-image-preview:large","max-video-preview":"max-video-preview:-1"},"canonical":"https:\/\/www.serena.tv\/es\/privacy-policy\/","og_locale":"es_ES","og_type":"article","og_title":"Pol\u00edtica de Privacidad - Serena TV","og_description":"[vc_row type=\u00bbin_container\u00bb full_screen_row_position=\u00bbmiddle\u00bb column_margin=\u00bbdefault\u00bb column_direction=\u00bbdefault\u00bb column_direction_tablet=\u00bbdefault\u00bb column_direction_phone=\u00bbdefault\u00bb scene_position=\u00bbcenter\u00bb top_padding=\u00bb40&#8243; text_color=\u00bbdark\u00bb text_align=\u00bbleft\u00bb row_border_radius=\u00bbnone\u00bb row_border_radius_applies=\u00bbbg\u00bb overflow=\u00bbvisible\u00bb overlay_strength=\u00bb0.3&#8243; gradient_direction=\u00bbleft_to_right\u00bb shape_divider_position=\u00bbbottom\u00bb bg_image_animation=\u00bbnone\u00bb gradient_type=\u00bbdefault\u00bb shape_type=\u00bb\u00bb][vc_column column_padding=\u00bbno-extra-padding\u00bb column_padding_tablet=\u00bbinherit\u00bb column_padding_phone=\u00bbinherit\u00bb column_padding_position=\u00bball\u00bb column_element_direction_desktop=\u00bbdefault\u00bb column_element_spacing=\u00bbdefault\u00bb desktop_text_alignment=\u00bbdefault\u00bb tablet_text_alignment=\u00bbdefault\u00bb phone_text_alignment=\u00bbdefault\u00bb background_color_opacity=\u00bb1&#8243;...","og_url":"https:\/\/www.serena.tv\/es\/privacy-policy\/","og_site_name":"Serena TV","article_modified_time":"2023-05-03T20:36:56+00:00","twitter_card":"summary_large_image","twitter_misc":{"Tiempo de lectura":"4 minutos"},"schema":{"@context":"https:\/\/schema.org","@graph":[{"@type":"WebPage","@id":"https:\/\/www.serena.tv\/es\/privacy-policy\/","url":"https:\/\/www.serena.tv\/es\/privacy-policy\/","name":"Pol\u00edtica de Privacidad - Serena TV","isPartOf":{"@id":"https:\/\/www.serena.tv\/es\/#website"},"datePublished":"2022-10-06T09:46:37+00:00","dateModified":"2023-05-03T20:36:56+00:00","breadcrumb":{"@id":"https:\/\/www.serena.tv\/es\/privacy-policy\/#breadcrumb"},"inLanguage":"es","potentialAction":[{"@type":"ReadAction","target":["https:\/\/www.serena.tv\/es\/privacy-policy\/"]}]},{"@type":"BreadcrumbList","@id":"https:\/\/www.serena.tv\/es\/privacy-policy\/#breadcrumb","itemListElement":[{"@type":"ListItem","position":1,"name":"Portada","item":"https:\/\/www.serena.tv\/es\/"},{"@type":"ListItem","position":2,"name":"Pol\u00edtica de Privacidad"}]},{"@type":"WebSite","@id":"https:\/\/www.serena.tv\/es\/#website","url":"https:\/\/www.serena.tv\/es\/","name":"Serena TV","description":"Post-production in Madrid","potentialAction":[{"@type":"SearchAction","target":{"@type":"EntryPoint","urlTemplate":"https:\/\/www.serena.tv\/es\/?s={search_term_string}"},"query-input":"required name=search_term_string"}],"inLanguage":"es"}]}},"_links":{"self":[{"href":"https:\/\/www.serena.tv\/es\/wp-json\/wp\/v2\/pages\/703"}],"collection":[{"href":"https:\/\/www.serena.tv\/es\/wp-json\/wp\/v2\/pages"}],"about":[{"href":"https:\/\/www.serena.tv\/es\/wp-json\/wp\/v2\/types\/page"}],"author":[{"embeddable":true,"href":"https:\/\/www.serena.tv\/es\/wp-json\/wp\/v2\/users\/7"}],"replies":[{"embeddable":true,"href":"https:\/\/www.serena.tv\/es\/wp-json\/wp\/v2\/comments?post=703"}],"version-history":[{"count":2,"href":"https:\/\/www.serena.tv\/es\/wp-json\/wp\/v2\/pages\/703\/revisions"}],"predecessor-version":[{"id":709,"href":"https:\/\/www.serena.tv\/es\/wp-json\/wp\/v2\/pages\/703\/revisions\/709"}],"wp:attachment":[{"href":"https:\/\/www.serena.tv\/es\/wp-json\/wp\/v2\/media?parent=703"}],"curies":[{"name":"wp","href":"https:\/\/api.w.org\/{rel}","templated":true}]}}